{"id":972,"date":"2024-12-03T19:35:47","date_gmt":"2024-12-03T19:35:47","guid":{"rendered":"https:\/\/plasfich.pt\/inovacao-produtiva\/"},"modified":"2025-09-25T11:14:26","modified_gmt":"2025-09-25T11:14:26","slug":"innovacion-productiva","status":"publish","type":"page","link":"https:\/\/plasfich.pt\/es\/innovacion-productiva\/","title":{"rendered":"Innovaci\u00f3n Productiva"},"content":{"rendered":"\n<div style=\"height:100px\" aria-hidden=\"true\" class=\"wp-block-spacer\"><\/div>\n\n\n\n<figure class=\"wp-block-image size-full is-resized\"><img loading=\"lazy\" decoding=\"async\" width=\"842\" height=\"75\" src=\"https:\/\/plasfich.pt\/wp-content\/uploads\/2024\/12\/46599_FichadeProjeto.jpg\" alt=\"\" class=\"wp-image-442\" style=\"width:650px\" srcset=\"https:\/\/plasfich.pt\/wp-content\/uploads\/2024\/12\/46599_FichadeProjeto.jpg 842w, https:\/\/plasfich.pt\/wp-content\/uploads\/2024\/12\/46599_FichadeProjeto-500x45.jpg 500w, https:\/\/plasfich.pt\/wp-content\/uploads\/2024\/12\/46599_FichadeProjeto-300x27.jpg 300w, https:\/\/plasfich.pt\/wp-content\/uploads\/2024\/12\/46599_FichadeProjeto-768x68.jpg 768w, https:\/\/plasfich.pt\/wp-content\/uploads\/2024\/12\/46599_FichadeProjeto-150x13.jpg 150w, https:\/\/plasfich.pt\/wp-content\/uploads\/2024\/12\/46599_FichadeProjeto-480x43.jpg 480w\" sizes=\"auto, (max-width:767px) 480px, (max-width:842px) 100vw, 842px\" \/><\/figure>\n\n\n\n<div style=\"height:100px\" aria-hidden=\"true\" class=\"wp-block-spacer\"><\/div>\n\n\n\n<h2 class=\"wp-block-heading\">Proyectos Individuales<\/h2>\n\n\n\n<p><strong>Denominaci\u00f3n del Proyecto:<\/strong> PLASFICH 4.0 | Global, Green &amp; Connected<br><strong>C\u00f3digo del Proyecto:<\/strong> LISBOA-02-0853-FEDER-046599<br><strong>Objetivo Principal:<\/strong> Reforzar la competitividad de las peque\u00f1as y medianas empresas<br><strong>Regi\u00f3n de Intervenci\u00f3n:<\/strong> LISBOA<br><strong>Entidad Beneficiaria:<\/strong> PLASFICH &#8211; CONSTRUCCI\u00d3N Y MANTENIMIENTO EN TERMOPL\u00c1STICOS, LDA<br><strong>Fecha de Aprobaci\u00f3n:<\/strong> 17-07-2020<br><strong>Fecha de Inicio:<\/strong> 28-02-2020<br><strong>Fecha de Finalizaci\u00f3n:<\/strong> 26-02-2022<br><strong>Coste Total Elegible:<\/strong> 465.119,20 \u20ac<br><strong>Apoyo Financiero de la Uni\u00f3n Europea:<\/strong> 255.815,56 \u20ac<\/p>\n\n\n\n<div style=\"height:40px\" aria-hidden=\"true\" class=\"wp-block-spacer\"><\/div>\n\n\n\n<h3 class=\"wp-block-heading\">Resumen del Proyecto<\/h3>\n\n\n\n<p>PLASFICH &#8211; CONSTRUCCI\u00d3N Y MANTENIMIENTO EN TERMOPL\u00c1STICOS, LDA., es una empresa de peque\u00f1a dimensi\u00f3n, constituida en 1992, con sede en Alhos Vedros, municipio de Moita, que, bajo la CNAE principal 22210 Fabricaci\u00f3n de planchas, l\u00e1minas, tubos y perfiles de pl\u00e1stico, se presenta como especialista en la construcci\u00f3n y mantenimiento de termopl\u00e1sticos en el \u00e1mbito industrial y medioambiental, ofreciendo una gama de productos diversificada, entre los que destacan sistemas de desodorizaci\u00f3n, dep\u00f3sitos de almacenamiento de productos qu\u00edmicos, conducci\u00f3n de fluidos, tuber\u00edas de ventilaci\u00f3n, montajes y fabricaci\u00f3n de piezas mecanizadas.<\/p>\n\n\n\n<p>El gran enfoque de PLASFICH son los sectores m\u00e1s exigentes, que requieren productos totalmente adaptados a sus necesidades, como los sectores farmac\u00e9utico, qu\u00edmico, aeron\u00e1utico, automovil\u00edstico y Estaciones de Tratamiento de Aguas Residuales.<\/p>\n\n\n\n<p>El proyecto, denominado \u00ab<strong>PLASFICH 4.0 | Global, Green &amp; Connected<\/strong>\u00bb, enmarcado en la Tipolog\u00eda de \u00abAumento de la capacidad de un establecimiento ya existente\u00bb, tiene como objetivo dotar a la empresa de un proceso productivo significativamente mejorado y, en consecuencia, un aumento de la capacidad productiva, con el fin de mantener el ritmo de crecimiento que se ha verificado en los \u00faltimos a\u00f1os, potenciando sus ventajas competitivas.<\/p>\n\n\n\n<div style=\"height:100px\" aria-hidden=\"true\" class=\"wp-block-spacer\"><\/div>\n","protected":false},"excerpt":{"rendered":"<p>Proyectos Individuales Denominaci\u00f3n del Proyecto: PLASFICH 4.0 | Global, Green &amp; ConnectedC\u00f3digo del Proyecto: LISBOA-02-0853-FEDER-046599Objetivo Principal: Reforzar la competitividad de las peque\u00f1as y medianas empresasRegi\u00f3n de<span class=\"excerpt-hellip\"> [\u2026]<\/span><\/p>\n","protected":false},"author":2,"featured_media":0,"parent":0,"menu_order":0,"comment_status":"closed","ping_status":"closed","template":"","meta":{"footnotes":""},"class_list":["post-972","page","type-page","status-publish","hentry"],"_links":{"self":[{"href":"https:\/\/plasfich.pt\/es\/wp-json\/wp\/v2\/pages\/972","targetHints":{"allow":["GET"]}}],"collection":[{"href":"https:\/\/plasfich.pt\/es\/wp-json\/wp\/v2\/pages"}],"about":[{"href":"https:\/\/plasfich.pt\/es\/wp-json\/wp\/v2\/types\/page"}],"author":[{"embeddable":true,"href":"https:\/\/plasfich.pt\/es\/wp-json\/wp\/v2\/users\/2"}],"replies":[{"embeddable":true,"href":"https:\/\/plasfich.pt\/es\/wp-json\/wp\/v2\/comments?post=972"}],"version-history":[{"count":1,"href":"https:\/\/plasfich.pt\/es\/wp-json\/wp\/v2\/pages\/972\/revisions"}],"predecessor-version":[{"id":975,"href":"https:\/\/plasfich.pt\/es\/wp-json\/wp\/v2\/pages\/972\/revisions\/975"}],"wp:attachment":[{"href":"https:\/\/plasfich.pt\/es\/wp-json\/wp\/v2\/media?parent=972"}],"curies":[{"name":"wp","href":"https:\/\/api.w.org\/{rel}","templated":true}]}}